{"id":496,"date":"2025-08-07T20:34:23","date_gmt":"2025-08-07T23:34:23","guid":{"rendered":"https:\/\/fau.unt.edu.ar\/fau\/?page_id=496"},"modified":"2026-05-18T14:21:03","modified_gmt":"2026-05-18T17:21:03","slug":"portada2","status":"publish","type":"page","link":"https:\/\/fau.unt.edu.ar\/fau\/","title":{"rendered":"Portada2"},"content":{"rendered":"<div class=\"vce-row-container\" data-vce-boxed-width=\"true\"><div class=\"vce-row vce-row--col-gap-30 vce-row-equal-height vce-row-content--top\" id=\"el-34b0915e\" data-vce-do-apply=\"all el-34b0915e\"><div class=\"vce-row-content\" data-vce-element-content=\"true\"><div class=\"vce-col vce-col--md-auto vce-col--xs-1 vce-col--xs-last vce-col--xs-first vce-col--sm-last vce-col--sm-first vce-col--md-last vce-col--lg-last vce-col--xl-last vce-col--md-first vce-col--lg-first vce-col--xl-first\" id=\"el-e69d14e9\"><div class=\"vce-col-inner\" data-vce-do-apply=\"border margin background  el-e69d14e9\"><div class=\"vce-content-background-container\"><div class=\"vce-asset-video-yt-container vce-visible-all-only\"><div class=\"vce-asset-video-yt-wrapper\"><div class=\"vce-asset-video-yt-background vce-asset-video-yt--state-landscape\" data-vce-assets-video-yt=\"Vk7MKc9AjnU\" data-vce-assets-video-replacer=\".vce-asset-video-yt-player\" data-vce-assets-video-orientation-class=\"vce-asset-video-yt--state-landscape\"><svg class=\"vce-asset-video-yt-sizer\" width=\"640\" height=\"360\" data-vce-assets-video-state=\"visible\"><\/svg><div class=\"vce-asset-video-yt-player\"><\/div><\/div><\/div><\/div><\/div><div class=\"vce-col-content\" data-vce-element-content=\"true\" data-vce-do-apply=\"padding el-e69d14e9\"><section class=\"vce-hero-section-container vce-hero-section-media--xs vce-hero-section-media--sm vce-hero-section-media--md vce-hero-section-media--lg vce-hero-section-media--xl\"><div class=\"vce vce-hero-section\" id=\"el-2931fd7f\" data-vce-do-apply=\"margin background border  el-2931fd7f\"><div class=\"vce-hero-section--wrap-row\"><div class=\"vce-hero-section--wrap\"><div class=\"vce-hero-section--content\" data-vce-do-apply=\"padding el-2931fd7f\"><div class=\"vce-hero-section--content-container\"><h3 style=\"color: #fff; text-align: center;\">Bienvenidos a la FAU<\/h3>\n<p style=\"color: #fff; text-align: center;\">Facultad de Arquitectura y Urbanismo - UNT<\/p><\/div><div class=\"\"><\/div><\/div><\/div><\/div><\/div><\/section><\/div><\/div><\/div><\/div><\/div><\/div><div class=\"vce-row-container\" data-vce-boxed-width=\"true\"><div class=\"vce-row vce-row--col-gap-0 vce-row-equal-height vce-row-content--top\" id=\"el-335649d8\" data-vce-do-apply=\"all el-335649d8\"><div class=\"vce-content-background-container\"><\/div><div class=\"vce-row-content\" data-vce-element-content=\"true\"><div class=\"vce-col vce-col--md-33p vce-col--xs-1 vce-col--xs-last vce-col--xs-first vce-col--sm-last vce-col--sm-first vce-col--md-first vce-col--lg-first vce-col--xl-first\" id=\"el-0ee37b85\"><div class=\"vce-col-inner\" data-vce-do-apply=\"border margin background  el-0ee37b85\"><div class=\"vce-content-background-container\"><\/div><div class=\"vce-col-content\" data-vce-element-content=\"true\" data-vce-do-apply=\"padding el-0ee37b85\"><div class=\"vce-single-image-container vce-single-image--align-left\"><div class=\"vce vce-single-image-wrapper\" id=\"el-8ba0db84\" data-vce-do-apply=\"all el-8ba0db84\"><figure><div class=\"vce-single-image-figure-inner\"><div class=\"vce-single-image-inner vce-single-image--absolute\" style=\"width: 100%;\"><img loading=\"lazy\" decoding=\"async\" class=\"vce-single-image\"  width=\"0\" height=\"0\" src=\"https:\/\/c2860607.ferozo.com\/fau\/wp-content\/uploads\/2025\/08\/fau-shortcuts-alumnos.jpg\" data-img-src=\"https:\/\/c2860607.ferozo.com\/fau\/wp-content\/uploads\/2025\/08\/fau-shortcuts-alumnos.jpg\" data-attachment-id=\"1574\"  alt=\"\" title=\"fau-shortcuts-alumnos\" \/><\/div><\/div><figcaption hidden=\"\"><\/figcaption><\/figure><\/div><\/div><div class=\"vce-text-block\"><div class=\"vce-text-block-wrapper vce\" id=\"el-89f061ea\" data-vce-do-apply=\"all el-89f061ea\"><div class=\"box\">\n<h2 style=\"font-family: Poppins, Helvetica, sans-serif;\"><span style=\"font-weight: 600;\"><span style=\"font-size: 14pt;\">Alumnos<\/span><\/span><\/h2>\nLa secci\u00f3n de <strong>alumnos de la Facultad de Arquitectura<\/strong> es el coraz\u00f3n de la vida acad\u00e9mica. Aqu\u00ed, los estudiantes colaboran en proyectos de dise\u00f1o, comparten ideas y dan forma al futuro del entorno construido.<\/div><\/div><\/div><\/div><\/div><\/div><div class=\"vce-col vce-col--md-33p vce-col--xs-1 vce-col--xs-last vce-col--xs-first vce-col--sm-last vce-col--sm-first\" id=\"el-ae52d514\"><div class=\"vce-col-inner\" data-vce-do-apply=\"border margin background  el-ae52d514\"><div class=\"vce-col-content\" data-vce-element-content=\"true\" data-vce-do-apply=\"padding el-ae52d514\"><div class=\"vce-single-image-container shorts vce-single-image--align-left\"><div class=\"vce vce-single-image-wrapper\" id=\"el-b6f21134\" data-vce-do-apply=\"all el-b6f21134\"><figure><div class=\"vce-single-image-figure-inner\"><div class=\"vce-single-image-inner vce-single-image--absolute\" style=\"width: 100%;\"><img loading=\"lazy\" decoding=\"async\" class=\"vce-single-image\"  width=\"0\" height=\"0\" src=\"https:\/\/c2860607.ferozo.com\/fau\/wp-content\/uploads\/2025\/08\/fau-shortcuts-docentes.jpg\" data-img-src=\"https:\/\/c2860607.ferozo.com\/fau\/wp-content\/uploads\/2025\/08\/fau-shortcuts-docentes.jpg\" data-attachment-id=\"1577\"  alt=\"\" title=\"fau-shortcuts-docentes\" \/><\/div><\/div><figcaption hidden=\"\"><\/figcaption><\/figure><\/div><\/div><div class=\"vce-text-block\"><div class=\"vce-text-block-wrapper vce\" id=\"el-740c742d\" data-vce-do-apply=\"all el-740c742d\"><div class=\"box\">\n<h2><strong><span style=\"font-size: 14pt;\">Docentes<\/span><\/strong><\/h2>\n<p>La secci\u00f3n de <strong>docentes<\/strong> es el pilar de la facultad. Los profesores, expertos en diversas disciplinas, gu\u00edan a los estudiantes a trav\u00e9s de la teor\u00eda y la pr\u00e1ctica. Inspiran a la pr\u00f3xima generaci\u00f3n de arquitectos.<\/p>\n<\/div><\/div><\/div><\/div><\/div><\/div><div class=\"vce-col vce-col--md-33p vce-col--xs-1 vce-col--xs-last vce-col--xs-first vce-col--sm-last vce-col--sm-first vce-col--md-last vce-col--lg-last vce-col--xl-last\" id=\"el-f5a39d11\"><div class=\"vce-col-inner\" data-vce-do-apply=\"border margin background  el-f5a39d11\"><div class=\"vce-col-content\" data-vce-element-content=\"true\" data-vce-do-apply=\"padding el-f5a39d11\"><div class=\"vce-single-image-container vce-single-image--align-left\"><div class=\"vce vce-single-image-wrapper\" id=\"el-6558e9d4\" data-vce-do-apply=\"all el-6558e9d4\"><figure><div class=\"vce-single-image-figure-inner\"><div class=\"vce-single-image-inner vce-single-image--absolute\" style=\"width: 100%;\"><img loading=\"lazy\" decoding=\"async\" class=\"vce-single-image\"  width=\"0\" height=\"0\" src=\"https:\/\/c2860607.ferozo.com\/fau\/wp-content\/uploads\/2025\/08\/fau-shortcuts-graduados.jpg\" data-img-src=\"https:\/\/c2860607.ferozo.com\/fau\/wp-content\/uploads\/2025\/08\/fau-shortcuts-graduados.jpg\" data-attachment-id=\"1579\"  alt=\"\" title=\"fau-shortcuts-graduados\" \/><\/div><\/div><figcaption hidden=\"\"><\/figcaption><\/figure><\/div><\/div><div class=\"vce-text-block\"><div class=\"vce-text-block-wrapper vce\" id=\"el-4821920d\" data-vce-do-apply=\"all el-4821920d\"><div class=\"box\">\n<h2><strong><span style=\"font-size: 14pt;\">Graduados&nbsp;<\/span><\/strong><\/h2>\n<p>La secci\u00f3n de <b>graduados<\/b> celebra los logros de quienes completaron su formaci\u00f3n. Estos profesionales, ahora arquitectos, demuestran el impacto de la educaci\u00f3n conectando a la facultad con la pr\u00e1ctica profesional.<\/p>\n<\/div><\/div><\/div><\/div><\/div><\/div><\/div><\/div><\/div><div class=\"vce-row-container\" data-vce-boxed-width=\"true\"><div class=\"vce-row vce-row--col-gap-30 vce-row-equal-height vce-row-content--top\" id=\"el-f704bbb3\" data-vce-do-apply=\"all el-f704bbb3\"><div class=\"vce-row-content\" data-vce-element-content=\"true\"><div class=\"vce-col vce-col--md-auto vce-col--xs-1 vce-col--xs-last vce-col--xs-first vce-col--sm-last vce-col--sm-first vce-col--md-last vce-col--lg-last vce-col--xl-last vce-col--md-first vce-col--lg-first vce-col--xl-first\" id=\"el-bc367398\"><div class=\"vce-col-inner\" data-vce-do-apply=\"border margin background  el-bc367398\"><div class=\"vce-col-content\" data-vce-element-content=\"true\" data-vce-do-apply=\"padding el-bc367398\"><div class=\"vce-text-block\"><div class=\"vce-text-block-wrapper vce\" id=\"el-3e883f64\" data-vce-do-apply=\"all el-3e883f64\"><\/div><\/div><div class=\"vce vce-separator-with-title-container vce-separator-with-title--align-center\" id=\"el-e63b8b6a\" data-vce-do-apply=\"margin el-e63b8b6a\"><div class=\"vce-separator-with-title vce-separator-with-title--color-bfc0c1 vce-separator-with-title--width-85\" data-vce-do-apply=\"border padding background  el-e63b8b6a\"><div class=\"vce-separator-with-title--line vce-separator-with-title--line--style-solid vce-separator-with-title-line--thickness-1 vce-separator-with-title--line-left\"><\/div><h3 class=\"vce-separator-with-title--title vce-separator-with-title--title--color-b-85-85-85\">Accesos a datos \u00fatiles<\/h3><div class=\"vce-separator-with-title--line vce-separator-with-title--line--style-solid vce-separator-with-title-line--thickness-1 vce-separator-with-title--line-right\"><\/div><\/div><\/div><\/div><\/div><\/div><\/div><\/div><\/div><div class=\"vce-row-container\" data-vce-boxed-width=\"true\"><div class=\"vce-row vce-row--col-gap-30 vce-row-equal-height vce-row-content--top\" id=\"el-45b4e01a\" data-vce-do-apply=\"all el-45b4e01a\"><div class=\"vce-row-content\" data-vce-element-content=\"true\"><div class=\"vce-col vce-col--md-auto vce-col--xs-1 vce-col--xs-last vce-col--xs-first vce-col--sm-last vce-col--sm-first vce-col--md-last vce-col--lg-last vce-col--xl-last vce-col--md-first vce-col--lg-first vce-col--xl-first\" id=\"el-44dea9ad\"><div class=\"vce-col-inner\" data-vce-do-apply=\"border margin background  el-44dea9ad\"><div class=\"vce-col-content\" data-vce-element-content=\"true\" data-vce-do-apply=\"padding el-44dea9ad\"><section class=\"vce-feature-section-container vce-feature-section-media--xs\"><div class=\"vce vce-feature-section vce-feature-section--min-height\" id=\"el-2fc8b983\" data-vce-do-apply=\"margin border animation backgroundColor el-2fc8b983\"><div class=\"vce-feature-section-image vce-feature-section-image--alignment-left\" data-vce-background-image-all=\"https:\/\/fau.unt.edu.ar\/fau\/wp-content\/uploads\/2025\/08\/LABELS.jpg\" data-vce-background-image=\"all\" data-vce-lozad=\"true\" data-vce-do-apply=\"backgroundImage el-2fc8b983\"><\/div><div class=\"vce-feature-section-content\"><div class=\"vce-feature-section-content-container\" data-vce-do-apply=\"padding el-2fc8b983\"><div class=\"vce-feature-section-description\"><p>Nos llena de orgullo que formes parte de nuestra instituci\u00f3n, un espacio dedicado a la formaci\u00f3n de profesionales comprometidos con el desarrollo de la arquitectura y el urbanismo.&nbsp;<\/p>\n<p>Te recordamos que en nuestro <strong>Campus Virtual<\/strong> y <strong>SIU Guaran\u00ed<\/strong> puedes acceder a todas las herramientas que necesitas para tu vida acad\u00e9mica: desde consultar tu historial, hasta realizar tr\u00e1mites y acceder a material de estudio.<\/p>\n<p>Si tienes alguna duda o consulta, no dudes en contactar con la Secretar\u00eda de Alumnos. Estamos aqu\u00ed para acompa\u00f1arte en tu trayectoria universitaria.<\/p>\n<p><strong>\u00a1Juntos construimos el futuro!<\/strong><\/p><\/div><div class=\"vce-button--style-outline-container vce-button--style-outline-container--align-left\"><span class=\"vce-button--style-outline-wrapper vce\" id=\"el-211ce75c\" data-vce-do-apply=\"margin el-211ce75c\"><a class=\"vce-button vce-button--style-outline-animated vce-button--style-outline--border-square vce-button--style-outline--size-medium vce-button--style-outline-animated--color-e3e3e3--fff--3d3d3d vce-button--style-outline-animated--border-color-e3e3e3--3d3d3d vce-button--style-outline-animated--background-color-3d3d3d\" href=\"http:\/\/www.lagaceta.com.ar\" title=\"Alumnos\" data-vce-do-apply=\"padding border background  el-211ce75c\"><span class=\"vce-button--style-outline-text\">Ingresar<\/span><\/a><\/span><\/div><\/div><\/div><\/div><\/section><section class=\"vce-feature-section-container vce-feature-section-media--xs\"><div class=\"vce vce-feature-section vce-feature-section--min-height\" id=\"el-3e2a49da\" data-vce-do-apply=\"margin border animation backgroundColor el-3e2a49da\"><div class=\"vce-feature-section-image vce-feature-section-image--alignment-right\" data-vce-background-image-all=\"https:\/\/fau.unt.edu.ar\/fau\/wp-content\/uploads\/2025\/08\/LABELS2.jpg\" data-vce-background-image=\"all\" data-vce-lozad=\"true\" data-vce-do-apply=\"backgroundImage el-3e2a49da\"><\/div><div class=\"vce-feature-section-content\"><div class=\"vce-feature-section-content-container\" data-vce-do-apply=\"padding el-3e2a49da\"><div class=\"vce-feature-section-description\"><p style=\"color: #fff;\">En la Facultad de Arquitectura y Urbanismo, nos dedicamos a impulsar tu crecimiento profesional y a facilitar tu labor. Esta secci\u00f3n ha sido dise\u00f1ada para ofrecerte un acceso r\u00e1pido a la informaci\u00f3n y los recursos m\u00e1s importantes para tu desempe\u00f1o acad\u00e9mico.<br>Para cualquier consulta, no dudes en contactar a la Secretar\u00eda de Asuntos Acad\u00e9micos. Tu dedicaci\u00f3n es el pilar de nuestra excelencia educativa.<\/p><\/div><div class=\"vce-button--style-outline-container vce-button--style-outline-container--align-left\"><span class=\"vce-button--style-outline-wrapper vce\" id=\"el-35bebd44\" data-vce-do-apply=\"margin el-35bebd44\"><button class=\"vce-button vce-button--style-outline-animated vce-button--style-outline--border-square vce-button--style-outline--size-medium vce-button--style-outline-animated--color-e3e3e3--fff--3d3d3d vce-button--style-outline-animated--border-color-e3e3e3--3d3d3d vce-button--style-outline-animated--background-color-3d3d3d\" data-vce-do-apply=\"padding border background  el-35bebd44\"><span class=\"vce-button--style-outline-text\">Ingresar<\/span><\/button><\/span><\/div><\/div><\/div><\/div><\/section><\/div><\/div><\/div><\/div><\/div><\/div><div class=\"vce-row-container\" data-vce-boxed-width=\"true\"><div class=\"vce-row vce-row--col-gap-30 vce-row-equal-height vce-row-content--top\" id=\"el-f68fa9a5\" data-vce-do-apply=\"all el-f68fa9a5\"><div class=\"vce-row-content\" data-vce-element-content=\"true\"><div class=\"vce-col vce-col--md-auto vce-col--xs-1 vce-col--xs-last vce-col--xs-first vce-col--sm-last vce-col--sm-first vce-col--md-last vce-col--lg-last vce-col--xl-last vce-col--md-first vce-col--lg-first vce-col--xl-first\" id=\"el-30d83900\"><div class=\"vce-col-inner\" data-vce-do-apply=\"border margin background  el-30d83900\"><div class=\"vce-col-content\" data-vce-element-content=\"true\" data-vce-do-apply=\"padding el-30d83900\"><div class=\"vce vce-separator-with-title-container vce-separator-with-title--align-center\" id=\"el-ed93c67d\" data-vce-do-apply=\"margin el-ed93c67d\"><div class=\"vce-separator-with-title vce-separator-with-title--color-bfc0c1 vce-separator-with-title--width-60\" data-vce-do-apply=\"border padding background  el-ed93c67d\"><div class=\"vce-separator-with-title--line vce-separator-with-title--line--style-solid vce-separator-with-title-line--thickness-1 vce-separator-with-title--line-left\"><\/div><h3 class=\"vce-separator-with-title--title vce-separator-with-title--title--color-b-85-85-85\">Alumnos<\/h3><div class=\"vce-separator-with-title--line vce-separator-with-title--line--style-solid vce-separator-with-title-line--thickness-1 vce-separator-with-title--line-right\"><\/div><\/div><\/div><div class=\"vce-image-gallery vce-image-gallery--gap-10 vce-image-gallery--columns-4 vce-image-gallery--border-rounded\"><div class=\"vce-image-gallery-wrapper vce\" id=\"el-10f699a4\" data-vce-do-apply=\"all el-10f699a4\" data-vce-animate=\"vce-o-animate--None\"><div class=\"vce-image-gallery-list\"><div class=\"vce-image-gallery-item\"><figure class=\"vce-image-gallery-item-inner-wrapper\"><a href=\"http:\/\/guarani.unt.edu.ar\/autogestion\" title=\"SIU GUARANI\" target=\"_blank\" class=\"vce-image-gallery-item-inner\"><img decoding=\"async\" class=\"vce-image-gallery-img\" src=\"https:\/\/fau.unt.edu.ar\/fau\/wp-content\/uploads\/2025\/08\/BOTON-SIU-FAU-1.jpg\" alt=\"siu guarani\" title=\"BOTON-SIU-FAU\"><\/a><\/figure><\/div><div class=\"vce-image-gallery-item\"><figure class=\"vce-image-gallery-item-inner-wrapper\"><a href=\"https:\/\/fau.unt.edu.ar\/fau\/calendario-2024\/\" title=\"CALENDARIO 2024\" target=\"_blank\" class=\"vce-image-gallery-item-inner\"><img decoding=\"async\" class=\"vce-image-gallery-img\" src=\"https:\/\/fau.unt.edu.ar\/fau\/wp-content\/uploads\/2025\/08\/BOTON-CALENDARIO.jpg\" alt=\"\" title=\"BOTON-CALENDARIO\"><\/a><\/figure><\/div><div class=\"vce-image-gallery-item\"><figure class=\"vce-image-gallery-item-inner-wrapper\"><a href=\"https:\/\/campus3.unt.edu.ar\/\" title=\"CAMPUS VIRTUAL\" target=\"_blank\" class=\"vce-image-gallery-item-inner\"><img decoding=\"async\" class=\"vce-image-gallery-img\" src=\"https:\/\/fau.unt.edu.ar\/fau\/wp-content\/uploads\/2025\/08\/BOTON-CAMPUS-FAU-2.jpg\" alt=\"\" title=\"BOTON-CAMPUS-FAU\"><\/a><\/figure><\/div><div class=\"vce-image-gallery-item\"><figure class=\"vce-image-gallery-item-inner-wrapper\"><a href=\"http:\/\/www.fau.unt.edu.ar\/fau\/examenes\/\" title=\"EXAMENES\" target=\"_blank\" class=\"vce-image-gallery-item-inner\"><img decoding=\"async\" class=\"vce-image-gallery-img\" src=\"https:\/\/fau.unt.edu.ar\/fau\/wp-content\/uploads\/2025\/08\/BOTON-EXAMENES.jpg\" alt=\"\" title=\"BOTON-EXAMENES\"><\/a><\/figure><\/div><\/div><\/div><\/div><div class=\"vce-row-container\" data-vce-boxed-width=\"true\"><div class=\"vce-row vce-row--col-gap-30 vce-row-equal-height vce-row-content--top\" id=\"el-afcebf20\" data-vce-do-apply=\"all el-afcebf20\"><div class=\"vce-row-content\" data-vce-element-content=\"true\"><div class=\"vce-col vce-col--md-auto vce-col--xs-1 vce-col--xs-last vce-col--xs-first vce-col--sm-last vce-col--sm-first vce-col--md-last vce-col--lg-last vce-col--xl-last vce-col--md-first vce-col--lg-first vce-col--xl-first\" id=\"el-294ccc8a\"><div class=\"vce-col-inner\" data-vce-do-apply=\"border margin background  el-294ccc8a\"><div class=\"vce-col-content\" data-vce-element-content=\"true\" data-vce-do-apply=\"padding el-294ccc8a\"><div class=\"vce vce-separator-with-title-container vce-separator-with-title--align-center\" id=\"el-6178a189\" data-vce-do-apply=\"margin el-6178a189\"><div class=\"vce-separator-with-title vce-separator-with-title--color-bfc0c1 vce-separator-with-title--width-60\" data-vce-do-apply=\"border padding background  el-6178a189\"><div class=\"vce-separator-with-title--line vce-separator-with-title--line--style-solid vce-separator-with-title-line--thickness-1 vce-separator-with-title--line-left\"><\/div><h3 class=\"vce-separator-with-title--title vce-separator-with-title--title--color-b-85-85-85\">infoFAU<\/h3><div class=\"vce-separator-with-title--line vce-separator-with-title--line--style-solid vce-separator-with-title-line--thickness-1 vce-separator-with-title--line-right\"><\/div><\/div><\/div><\/div><\/div><\/div><\/div><\/div><\/div><\/div><\/div><\/div><\/div><\/div><\/div><div class=\"vce-row-container\" data-vce-boxed-width=\"true\"><div class=\"vce-row vce-row--col-gap-30 vce-row-equal-height vce-row-content--top\" id=\"el-0dc5ec7a\" data-vce-do-apply=\"all el-0dc5ec7a\"><div class=\"vce-row-content\" data-vce-element-content=\"true\"><div class=\"vce-col vce-col--md-auto vce-col--xs-1 vce-col--xs-last vce-col--xs-first vce-col--sm-last vce-col--sm-first vce-col--md-last vce-col--lg-last vce-col--xl-last vce-col--md-first vce-col--lg-first vce-col--xl-first\" id=\"el-08c30900\"><div class=\"vce-col-inner\" data-vce-do-apply=\"border margin background  el-08c30900\"><div class=\"vce-content-background-container\"><\/div><div class=\"vce-col-content\" data-vce-element-content=\"true\" data-vce-do-apply=\"padding el-08c30900\"><div class=\"vce-row-container\" data-vce-boxed-width=\"true\"><div class=\"vce-row vce-row--col-gap-30 vce-row-equal-height vce-row-content--top\" id=\"el-8c926f7c\" data-vce-do-apply=\"all el-8c926f7c\"><div class=\"vce-row-content\" data-vce-element-content=\"true\"><div class=\"vce-col vce-col--md-auto vce-col--xs-1 vce-col--xs-last vce-col--xs-first vce-col--sm-last vce-col--sm-first vce-col--md-last vce-col--lg-last vce-col--xl-last vce-col--md-first vce-col--lg-first vce-col--xl-first\" id=\"el-68323689\"><div class=\"vce-col-inner\" data-vce-do-apply=\"border margin background  el-68323689\"><div class=\"vce-col-content\" data-vce-element-content=\"true\" data-vce-do-apply=\"padding el-68323689\"><div class=\"vce-shortcode\"><div class=\"vce-shortcode-wrapper vce\" id=\"el-4190f1ae\" data-vce-do-apply=\"all el-4190f1ae\"><div class=\"row g-3\"><div class=\"col-12 col-md-6 col-lg-4\"><div class=\"box-fau-news\"><a href=\"https:\/\/fau.unt.edu.ar\/fau\/concursos-profesores\/\"><img src=\"https:\/\/fau.unt.edu.ar\/fau\/wp-content\/uploads\/2026\/08\/1-2-300x300.png\" class=\"fau-img\" alt=\"CONCURSOS PROFESORES\"><\/a><div class=\"box-body-fau\"><h5><a href=\"https:\/\/fau.unt.edu.ar\/fau\/concursos-profesores\/\">CONCURSOS PROFESORES<\/a><\/h5><p>Las inscripciones se recibir\u00e1n Departamento Concursos de esta Facultad, desde el 31 de agosto de 2026 y por el t\u00e9rmino de QUINCE (15) d\u00edas h\u00e1biles, de 8 a 12 hs.- [gallery columns=\u2026<\/p><span><a href=\"https:\/\/fau.unt.edu.ar\/fau\/concursos-profesores\/\">+ informaci\u00f3n<\/a><\/span><\/div><\/div><\/div><div class=\"col-12 col-md-6 col-lg-4\"><div class=\"box-fau-news\"><a href=\"https:\/\/fau.unt.edu.ar\/fau\/concursos-docentes-auxiliares-y-ayudantes-estudiantiles\/\"><img src=\"https:\/\/fau.unt.edu.ar\/fau\/wp-content\/uploads\/2026\/08\/CONCURSOS-FAU-Facultad-de-Arquitectura-y-Urbanismo.-Universidad-Nacional-de-Tucuman-5-300x300.png\" class=\"fau-img\" alt=\"CONCURSOS DOCENTES AUXILIARES Y AYUDANTES ESTUDIANTILES\"><\/a><div class=\"box-body-fau\"><h5><a href=\"https:\/\/fau.unt.edu.ar\/fau\/concursos-docentes-auxiliares-y-ayudantes-estudiantiles\/\">CONCURSOS DOCENTES AUXILIARES Y AYUDANTES ESTUDIANTILES<\/a><\/h5><p>Las inscripciones se recibir\u00e1n Departamento Concursos de esta Facultad, desde el 31 de agosto de 2026 y por el t\u00e9rmino de DIEZ (10) d\u00edas h\u00e1biles, de 8 a 12 hs. [gallery ids=&quot;2621,2\u2026<\/p><span><a href=\"https:\/\/fau.unt.edu.ar\/fau\/concursos-docentes-auxiliares-y-ayudantes-estudiantiles\/\">+ informaci\u00f3n<\/a><\/span><\/div><\/div><\/div><div class=\"col-12 col-md-6 col-lg-4\"><div class=\"box-fau-news\"><a href=\"https:\/\/fau.unt.edu.ar\/fau\/la-fau-y-la-sat-impulsan-nuevas-tecnologias-para-el-uso-sustentable-del-agua-en-desarrollos-inmobiliarios\/\"><img src=\"https:\/\/fau.unt.edu.ar\/fau\/wp-content\/uploads\/2026\/08\/La-SAT-y-la-Facultad-de-Arquitectura-impulsan-nuevas-tecnologias-para-el-uso-sustentable-del-agua-en-desarrollos-inmobiliarios-300x300.png\" class=\"fau-img\" alt=\"La FAU y la SAT impulsan nuevas tecnolog\u00edas para el uso sustentable del agua en desarrollos inmobiliarios\"><\/a><div class=\"box-body-fau\"><h5><a href=\"https:\/\/fau.unt.edu.ar\/fau\/la-fau-y-la-sat-impulsan-nuevas-tecnologias-para-el-uso-sustentable-del-agua-en-desarrollos-inmobiliarios\/\">La FAU y la SAT impulsan nuevas tecnolog\u00edas para el uso sustentable del agua en desarrollos inmobiliarios<\/a><\/h5><p>Un edificio de 16 pisos sobre avenida Mate de Luna ser\u00e1 el punto de partida de una experiencia piloto que contar\u00e1 con el aporte de especialistas. La Sociedad Aguas del Tucum\u00e1n (SAT\u2026<\/p><span><a href=\"https:\/\/fau.unt.edu.ar\/fau\/la-fau-y-la-sat-impulsan-nuevas-tecnologias-para-el-uso-sustentable-del-agua-en-desarrollos-inmobiliarios\/\">+ informaci\u00f3n<\/a><\/span><\/div><\/div><\/div><div class=\"col-12 col-md-6 col-lg-4\"><div class=\"box-fau-news\"><a href=\"https:\/\/fau.unt.edu.ar\/fau\/inscripcion-a-taller-niveles-tpa-i-a-viii-2-cuatrimestre-conoce-fechas-cupos-y-el-procedimiento-completo\/\"><img src=\"https:\/\/fau.unt.edu.ar\/fau\/wp-content\/uploads\/2026\/08\/1-300x300.png\" class=\"fau-img\" alt=\"Inscripci\u00f3n a Taller Niveles TPA I a VIII, 2\u00b0 Cuatrimestre : conoc\u00e9 fechas, cupos y el procedimiento completo\"><\/a><div class=\"box-body-fau\"><h5><a href=\"https:\/\/fau.unt.edu.ar\/fau\/inscripcion-a-taller-niveles-tpa-i-a-viii-2-cuatrimestre-conoce-fechas-cupos-y-el-procedimiento-completo\/\">Inscripci\u00f3n a Taller Niveles TPA I a VIII, 2\u00b0 Cuatrimestre : conoc\u00e9 fechas, cupos y el procedimiento completo<\/a><\/h5><p>La Facultad de Arquitectura y Urbanismo (UNT) informa el cronograma de inscripci\u00f3n a Talleres de Proyecto Arquitect\u00f3nico para el segundo cuatrimestre del ciclo lectivo 2026. Inscri\u2026<\/p><span><a href=\"https:\/\/fau.unt.edu.ar\/fau\/inscripcion-a-taller-niveles-tpa-i-a-viii-2-cuatrimestre-conoce-fechas-cupos-y-el-procedimiento-completo\/\">+ informaci\u00f3n<\/a><\/span><\/div><\/div><\/div><div class=\"col-12 col-md-6 col-lg-4\"><div class=\"box-fau-news\"><a href=\"https:\/\/fau.unt.edu.ar\/fau\/en-el-marco-del-doctorado-se-dictara-el-curso-de-posgrado-formas-urbanas-logicas-configurativas-procesos-y-propuestas-morfologicas\/\"><img src=\"https:\/\/fau.unt.edu.ar\/fau\/wp-content\/uploads\/2026\/08\/WhatsApp-Image-2026-08-06-at-4.03.51-PM-239x300.jpeg\" class=\"fau-img\" alt=\"En el marco del Doctorado, se dictar\u00e1 el curso de Posgrado \u00abFormas Urbanas, l\u00f3gicas configurativas, procesos y propuestas morfol\u00f3gicas\u00bb\"><\/a><div class=\"box-body-fau\"><h5><a href=\"https:\/\/fau.unt.edu.ar\/fau\/en-el-marco-del-doctorado-se-dictara-el-curso-de-posgrado-formas-urbanas-logicas-configurativas-procesos-y-propuestas-morfologicas\/\">En el marco del Doctorado, se dictar\u00e1 el curso de Posgrado \u00abFormas Urbanas, l\u00f3gicas configurativas, procesos y propuestas morfol\u00f3gicas\u00bb<\/a><\/h5><p>Formas Urbanas, l\u00f3gicas configurativas, procesos y propuestas morfol\u00f3gicas Prof. Dr. Arq. Ariel Misuraca (Aprobado por Res. N\u00ba10340\/2026 Ad Refer\u00e9ndum del HCD) Contenidos b\u00e1sicos: \u2026<\/p><span><a href=\"https:\/\/fau.unt.edu.ar\/fau\/en-el-marco-del-doctorado-se-dictara-el-curso-de-posgrado-formas-urbanas-logicas-configurativas-procesos-y-propuestas-morfologicas\/\">+ informaci\u00f3n<\/a><\/span><\/div><\/div><\/div><div class=\"col-12 col-md-6 col-lg-4\"><div class=\"box-fau-news\"><a href=\"https:\/\/fau.unt.edu.ar\/fau\/convocatoria-a-concursos-no-docentes\/\"><img src=\"https:\/\/fau.unt.edu.ar\/fau\/wp-content\/uploads\/2025\/08\/FAU-GALERIA-0999992-300x225.jpg\" class=\"fau-img\" alt=\"Convocatoria a Concursos No Docentes\"><\/a><div class=\"box-body-fau\"><h5><a href=\"https:\/\/fau.unt.edu.ar\/fau\/convocatoria-a-concursos-no-docentes\/\">Convocatoria a Concursos No Docentes<\/a><\/h5><p>RES - LLAMADO A CONCURSO PARA CUBRIR EL CARGO DE DIRECTOR-A DE DIRECCI\u00d3N ALUMNOS (CATEG. 02 DEL ESCALAFON NO DOCENT RES . LLAMADO A CONCURSO DIRECTOR-A DE MESA DE ENTRADAS, SALIDAS\u2026<\/p><span><a href=\"https:\/\/fau.unt.edu.ar\/fau\/convocatoria-a-concursos-no-docentes\/\">+ informaci\u00f3n<\/a><\/span><\/div><\/div><\/div><div class=\"col-12 col-md-6 col-lg-4\"><div class=\"box-fau-news\"><a href=\"https:\/\/fau.unt.edu.ar\/fau\/declaracion-en-defensa-de-los-territorios-y-el-habitat\/\"><img src=\"https:\/\/fau.unt.edu.ar\/fau\/wp-content\/uploads\/2026\/08\/WhatsApp-Image-2026-08-06-at-9.55.50-AM-240x300.jpeg\" class=\"fau-img\" alt=\"Declaraci\u00f3n en defensa de los territorios y el h\u00e1bitat\"><\/a><div class=\"box-body-fau\"><h5><a href=\"https:\/\/fau.unt.edu.ar\/fau\/declaracion-en-defensa-de-los-territorios-y-el-habitat\/\">Declaraci\u00f3n en defensa de los territorios y el h\u00e1bitat<\/a><\/h5><p>Desde nuestra instituci\u00f3n vinculada a la ense\u00f1anza de la arquitectura y el urbanismo, en adhesi\u00f3n a declaraciones del Consejo Universitario Nacional (CIN) y de la Sociedad Argentin\u2026<\/p><span><a href=\"https:\/\/fau.unt.edu.ar\/fau\/declaracion-en-defensa-de-los-territorios-y-el-habitat\/\">+ informaci\u00f3n<\/a><\/span><\/div><\/div><\/div><div class=\"col-12 col-md-6 col-lg-4\"><div class=\"box-fau-news\"><a href=\"https:\/\/fau.unt.edu.ar\/fau\/hasta-el-31-de-agosto-los-y-las-docentes-deberan-completar-formularios-de-la-2-etapa-de-la-acreditacion-2026\/\"><img src=\"https:\/\/fau.unt.edu.ar\/fau\/wp-content\/uploads\/2026\/08\/WhatsApp-Image-2026-08-04-at-17.54.07-300x200.jpeg\" class=\"fau-img\" alt=\"Hasta el 31 de agosto los y las docentes deber\u00e1n completar diversos formularios de la 2\u00b0 etapa de la acreditaci\u00f3n 2026\"><\/a><div class=\"box-body-fau\"><h5><a href=\"https:\/\/fau.unt.edu.ar\/fau\/hasta-el-31-de-agosto-los-y-las-docentes-deberan-completar-formularios-de-la-2-etapa-de-la-acreditacion-2026\/\">Hasta el 31 de agosto los y las docentes deber\u00e1n completar diversos formularios de la 2\u00b0 etapa de la acreditaci\u00f3n 2026<\/a><\/h5><p>Esta ma\u00f1ana, en el aula de Posgrado de la FAU se realiz\u00f3 una reuni\u00f3n informativa sobre el lanzamiento de la 2\u00b0 etapa de la acreditaci\u00f3n 2026. Como s\u00edntesis, se inform\u00f3 que los y la\u2026<\/p><span><a href=\"https:\/\/fau.unt.edu.ar\/fau\/hasta-el-31-de-agosto-los-y-las-docentes-deberan-completar-formularios-de-la-2-etapa-de-la-acreditacion-2026\/\">+ informaci\u00f3n<\/a><\/span><\/div><\/div><\/div><div class=\"col-12 col-md-6 col-lg-4\"><div class=\"box-fau-news\"><a href=\"https:\/\/fau.unt.edu.ar\/fau\/reforma-del-codigo-de-planeamiento-urbano-un-equipo-de-la-fau-expuso-en-una-audiencia-publica\/\"><img src=\"https:\/\/fau.unt.edu.ar\/fau\/wp-content\/uploads\/2026\/07\/1-1-300x174.png\" class=\"fau-img\" alt=\"Reforma del C\u00f3digo de Planeamiento Urbano: un equipo de la FAU expuso en una audiencia p\u00fablica\"><\/a><div class=\"box-body-fau\"><h5><a href=\"https:\/\/fau.unt.edu.ar\/fau\/reforma-del-codigo-de-planeamiento-urbano-un-equipo-de-la-fau-expuso-en-una-audiencia-publica\/\">Reforma del C\u00f3digo de Planeamiento Urbano: un equipo de la FAU expuso en una audiencia p\u00fablica<\/a><\/h5><p>La s\u00e9ptima audiencia p\u00fablica para la reforma del C\u00f3digo de Planeamiento Urbano (CPU) se realiz\u00f3 el 30 de Julio y cont\u00f3 con una exposici\u00f3n de docentes e investigadores\/as de la Facu\u2026<\/p><span><a href=\"https:\/\/fau.unt.edu.ar\/fau\/reforma-del-codigo-de-planeamiento-urbano-un-equipo-de-la-fau-expuso-en-una-audiencia-publica\/\">+ informaci\u00f3n<\/a><\/span><\/div><\/div><\/div><\/div><\/div><\/div><\/div><\/div><\/div><\/div><\/div><\/div><\/div><\/div><\/div><\/div><\/div><\/div>","protected":false},"excerpt":{"rendered":"<p>La s\u00e9ptima audiencia p\u00fablica para la reforma del C\u00f3digo de Planeamiento Urbano (CPU) se realiz\u00f3 el 30 de Julio y cont\u00f3 con una exposici\u00f3n de docentes e investigadores\/as de la Facultad de Arquitectura y Urbanismo de la Universidad Nacional de Tucum\u00e1n (FAU-UNT). Durante m\u00e1s de una hora parte de la Comisi\u00f3n Ad Hoc conformada para [&hellip;]<\/p>\n","protected":false},"author":2,"featured_media":1660,"parent":0,"menu_order":0,"comment_status":"closed","ping_status":"closed","template":"page-templates\/template-home.php","meta":{"_uag_custom_page_level_css":"","footnotes":""},"class_list":["post-496","page","type-page","status-publish","has-post-thumbnail","hentry"],"uagb_featured_image_src":{"full":["https:\/\/fau.unt.edu.ar\/fau\/wp-content\/uploads\/2025\/08\/examenes-1.jpg",2560,1706,false],"thumbnail":["https:\/\/fau.unt.edu.ar\/fau\/wp-content\/uploads\/2025\/08\/examenes-1-150x150.jpg",150,150,true],"medium":["https:\/\/fau.unt.edu.ar\/fau\/wp-content\/uploads\/2025\/08\/examenes-1-300x200.jpg",300,200,true],"medium_large":["https:\/\/fau.unt.edu.ar\/fau\/wp-content\/uploads\/2025\/08\/examenes-1-768x512.jpg",768,512,true],"large":["https:\/\/fau.unt.edu.ar\/fau\/wp-content\/uploads\/2025\/08\/examenes-1-1024x682.jpg",900,599,true],"1536x1536":["https:\/\/fau.unt.edu.ar\/fau\/wp-content\/uploads\/2025\/08\/examenes-1-1536x1024.jpg",1536,1024,true],"2048x2048":["https:\/\/fau.unt.edu.ar\/fau\/wp-content\/uploads\/2025\/08\/examenes-1-2048x1365.jpg",2048,1365,true],"320w":["https:\/\/fau.unt.edu.ar\/fau\/wp-content\/uploads\/2025\/08\/examenes-1-320x213.jpg",320,213,true],"480w":["https:\/\/fau.unt.edu.ar\/fau\/wp-content\/uploads\/2025\/08\/examenes-1-480x320.jpg",480,320,true],"800w":["https:\/\/fau.unt.edu.ar\/fau\/wp-content\/uploads\/2025\/08\/examenes-1-800x533.jpg",800,533,true]},"uagb_author_info":{"display_name":"c2860607","author_link":"https:\/\/fau.unt.edu.ar\/fau\/author\/c2860607\/"},"uagb_comment_info":0,"uagb_excerpt":"Bienvenidos a la FAU Facultad de Arquitectura y Urbanismo - UNT Alumnos La secci\u00f3n de alumnos de la Facultad de Arquitectura es el coraz\u00f3n de la vida acad\u00e9mica. Aqu\u00ed, los estudiantes colaboran en proyectos de dise\u00f1o, comparten ideas y dan forma al futuro del entorno construido. Docentes La secci\u00f3n de docentes es el pilar de&hellip;","_links":{"self":[{"href":"https:\/\/fau.unt.edu.ar\/fau\/wp-json\/wp\/v2\/pages\/496","targetHints":{"allow":["GET"]}}],"collection":[{"href":"https:\/\/fau.unt.edu.ar\/fau\/wp-json\/wp\/v2\/pages"}],"about":[{"href":"https:\/\/fau.unt.edu.ar\/fau\/wp-json\/wp\/v2\/types\/page"}],"author":[{"embeddable":true,"href":"https:\/\/fau.unt.edu.ar\/fau\/wp-json\/wp\/v2\/users\/2"}],"replies":[{"embeddable":true,"href":"https:\/\/fau.unt.edu.ar\/fau\/wp-json\/wp\/v2\/comments?post=496"}],"version-history":[{"count":95,"href":"https:\/\/fau.unt.edu.ar\/fau\/wp-json\/wp\/v2\/pages\/496\/revisions"}],"predecessor-version":[{"id":2141,"href":"https:\/\/fau.unt.edu.ar\/fau\/wp-json\/wp\/v2\/pages\/496\/revisions\/2141"}],"wp:featuredmedia":[{"embeddable":true,"href":"https:\/\/fau.unt.edu.ar\/fau\/wp-json\/wp\/v2\/media\/1660"}],"wp:attachment":[{"href":"https:\/\/fau.unt.edu.ar\/fau\/wp-json\/wp\/v2\/media?parent=496"}],"curies":[{"name":"wp","href":"https:\/\/api.w.org\/{rel}","templated":true}]}}