{"id":496,"date":"2025-08-07T20:34:23","date_gmt":"2025-08-07T23:34:23","guid":{"rendered":"https:\/\/fau.unt.edu.ar\/fau\/?page_id=496"},"modified":"2025-11-06T11:48:33","modified_gmt":"2025-11-06T14:48:33","slug":"portada2","status":"publish","type":"page","link":"https:\/\/fau.unt.edu.ar\/fau\/","title":{"rendered":"Portada2"},"content":{"rendered":"<div class=\"vce-row-container\" data-vce-boxed-width=\"true\"><div class=\"vce-row vce-row--col-gap-30 vce-row-equal-height vce-row-content--top\" id=\"el-34b0915e\" data-vce-do-apply=\"all el-34b0915e\"><div class=\"vce-row-content\" data-vce-element-content=\"true\"><div class=\"vce-col vce-col--md-auto vce-col--xs-1 vce-col--xs-last vce-col--xs-first vce-col--sm-last vce-col--sm-first vce-col--md-last vce-col--lg-last vce-col--xl-last vce-col--md-first vce-col--lg-first vce-col--xl-first\" id=\"el-e69d14e9\"><div class=\"vce-col-inner\" data-vce-do-apply=\"border margin background  el-e69d14e9\"><div class=\"vce-content-background-container\"><div class=\"vce-asset-video-yt-container vce-visible-all-only\"><div class=\"vce-asset-video-yt-wrapper\"><div class=\"vce-asset-video-yt-background vce-asset-video-yt--state-landscape\" data-vce-assets-video-yt=\"Vk7MKc9AjnU\" data-vce-assets-video-replacer=\".vce-asset-video-yt-player\" data-vce-assets-video-orientation-class=\"vce-asset-video-yt--state-landscape\"><svg class=\"vce-asset-video-yt-sizer\" width=\"640\" height=\"360\" data-vce-assets-video-state=\"visible\"><\/svg><div class=\"vce-asset-video-yt-player\"><\/div><\/div><\/div><\/div><\/div><div class=\"vce-col-content\" data-vce-element-content=\"true\" data-vce-do-apply=\"padding el-e69d14e9\"><section class=\"vce-hero-section-container vce-hero-section-media--xs vce-hero-section-media--sm vce-hero-section-media--md vce-hero-section-media--lg vce-hero-section-media--xl\"><div class=\"vce vce-hero-section\" id=\"el-2931fd7f\" data-vce-do-apply=\"margin background border  el-2931fd7f\"><div class=\"vce-hero-section--wrap-row\"><div class=\"vce-hero-section--wrap\"><div class=\"vce-hero-section--content\" data-vce-do-apply=\"padding el-2931fd7f\"><div class=\"vce-hero-section--content-container\"><h3 style=\"color: #fff; text-align: center;\">Bienvenidos a la FAU<\/h3>\n<p style=\"color: #fff; text-align: center;\">Facultad de Arquitectura y Urbanismo - UNT<\/p><\/div><div class=\"\"><\/div><\/div><\/div><\/div><\/div><\/section><\/div><\/div><\/div><\/div><\/div><\/div><div class=\"vce-row-container\" data-vce-boxed-width=\"true\"><div class=\"vce-row vce-row--col-gap-0 vce-row-equal-height vce-row-content--top\" id=\"el-335649d8\" data-vce-do-apply=\"all el-335649d8\"><div class=\"vce-content-background-container\"><\/div><div class=\"vce-row-content\" data-vce-element-content=\"true\"><div class=\"vce-col vce-col--md-33p vce-col--xs-1 vce-col--xs-last vce-col--xs-first vce-col--sm-last vce-col--sm-first vce-col--md-first vce-col--lg-first vce-col--xl-first\" id=\"el-0ee37b85\"><div class=\"vce-col-inner\" data-vce-do-apply=\"border margin background  el-0ee37b85\"><div class=\"vce-content-background-container\"><\/div><div class=\"vce-col-content\" data-vce-element-content=\"true\" data-vce-do-apply=\"padding el-0ee37b85\"><div class=\"vce-single-image-container vce-single-image--align-left\"><div class=\"vce vce-single-image-wrapper\" id=\"el-8ba0db84\" data-vce-do-apply=\"all el-8ba0db84\"><figure><div class=\"vce-single-image-figure-inner\"><div class=\"vce-single-image-inner vce-single-image--absolute\" style=\"width: 100%;\"><img loading=\"lazy\" decoding=\"async\" class=\"vce-single-image\"  width=\"0\" height=\"0\" src=\"https:\/\/c2860607.ferozo.com\/fau\/wp-content\/uploads\/2025\/08\/fau-shortcuts-alumnos.jpg\" data-img-src=\"https:\/\/c2860607.ferozo.com\/fau\/wp-content\/uploads\/2025\/08\/fau-shortcuts-alumnos.jpg\" data-attachment-id=\"1574\"  alt=\"\" title=\"fau-shortcuts-alumnos\" \/><\/div><\/div><figcaption hidden=\"\"><\/figcaption><\/figure><\/div><\/div><div class=\"vce-text-block\"><div class=\"vce-text-block-wrapper vce\" id=\"el-89f061ea\" data-vce-do-apply=\"all el-89f061ea\"><div class=\"box\">\n<h2 style=\"font-family: Poppins, Helvetica, sans-serif;\"><span style=\"font-weight: 600;\"><span style=\"font-size: 14pt;\">Alumnos<\/span><\/span><\/h2>\nLa secci\u00f3n de <strong>alumnos de la Facultad de Arquitectura<\/strong> es el coraz\u00f3n de la vida acad\u00e9mica. Aqu\u00ed, los estudiantes colaboran en proyectos de dise\u00f1o, comparten ideas y dan forma al futuro del entorno construido.<\/div><\/div><\/div><\/div><\/div><\/div><div class=\"vce-col vce-col--md-33p vce-col--xs-1 vce-col--xs-last vce-col--xs-first vce-col--sm-last vce-col--sm-first\" id=\"el-ae52d514\"><div class=\"vce-col-inner\" data-vce-do-apply=\"border margin background  el-ae52d514\"><div class=\"vce-col-content\" data-vce-element-content=\"true\" data-vce-do-apply=\"padding el-ae52d514\"><div class=\"vce-single-image-container shorts vce-single-image--align-left\"><div class=\"vce vce-single-image-wrapper\" id=\"el-b6f21134\" data-vce-do-apply=\"all el-b6f21134\"><figure><div class=\"vce-single-image-figure-inner\"><div class=\"vce-single-image-inner vce-single-image--absolute\" style=\"width: 100%;\"><img loading=\"lazy\" decoding=\"async\" class=\"vce-single-image\"  width=\"0\" height=\"0\" src=\"https:\/\/c2860607.ferozo.com\/fau\/wp-content\/uploads\/2025\/08\/fau-shortcuts-docentes.jpg\" data-img-src=\"https:\/\/c2860607.ferozo.com\/fau\/wp-content\/uploads\/2025\/08\/fau-shortcuts-docentes.jpg\" data-attachment-id=\"1577\"  alt=\"\" title=\"fau-shortcuts-docentes\" \/><\/div><\/div><figcaption hidden=\"\"><\/figcaption><\/figure><\/div><\/div><div class=\"vce-text-block\"><div class=\"vce-text-block-wrapper vce\" id=\"el-740c742d\" data-vce-do-apply=\"all el-740c742d\"><div class=\"box\">\n<h2><strong><span style=\"font-size: 14pt;\">Docentes<\/span><\/strong><\/h2>\n<p>La secci\u00f3n de <strong>docentes<\/strong> es el pilar de la facultad. Los profesores, expertos en diversas disciplinas, gu\u00edan a los estudiantes a trav\u00e9s de la teor\u00eda y la pr\u00e1ctica. Inspiran a la pr\u00f3xima generaci\u00f3n de arquitectos.<\/p>\n<\/div><\/div><\/div><\/div><\/div><\/div><div class=\"vce-col vce-col--md-33p vce-col--xs-1 vce-col--xs-last vce-col--xs-first vce-col--sm-last vce-col--sm-first vce-col--md-last vce-col--lg-last vce-col--xl-last\" id=\"el-f5a39d11\"><div class=\"vce-col-inner\" data-vce-do-apply=\"border margin background  el-f5a39d11\"><div class=\"vce-col-content\" data-vce-element-content=\"true\" data-vce-do-apply=\"padding el-f5a39d11\"><div class=\"vce-single-image-container vce-single-image--align-left\"><div class=\"vce vce-single-image-wrapper\" id=\"el-6558e9d4\" data-vce-do-apply=\"all el-6558e9d4\"><figure><div class=\"vce-single-image-figure-inner\"><div class=\"vce-single-image-inner vce-single-image--absolute\" style=\"width: 100%;\"><img loading=\"lazy\" decoding=\"async\" class=\"vce-single-image\"  width=\"0\" height=\"0\" src=\"https:\/\/c2860607.ferozo.com\/fau\/wp-content\/uploads\/2025\/08\/fau-shortcuts-graduados.jpg\" data-img-src=\"https:\/\/c2860607.ferozo.com\/fau\/wp-content\/uploads\/2025\/08\/fau-shortcuts-graduados.jpg\" data-attachment-id=\"1579\"  alt=\"\" title=\"fau-shortcuts-graduados\" \/><\/div><\/div><figcaption hidden=\"\"><\/figcaption><\/figure><\/div><\/div><div class=\"vce-text-block\"><div class=\"vce-text-block-wrapper vce\" id=\"el-4821920d\" data-vce-do-apply=\"all el-4821920d\"><div class=\"box\">\n<h2><strong><span style=\"font-size: 14pt;\">Graduados&nbsp;<\/span><\/strong><\/h2>\n<p>La secci\u00f3n de <b>graduados<\/b> celebra los logros de quienes completaron su formaci\u00f3n. Estos profesionales, ahora arquitectos, demuestran el impacto de la educaci\u00f3n conectando a la facultad con la pr\u00e1ctica profesional.<\/p>\n<\/div><\/div><\/div><\/div><\/div><\/div><\/div><\/div><\/div><div class=\"vce-row-container\" data-vce-boxed-width=\"true\"><div class=\"vce-row vce-row--col-gap-30 vce-row-equal-height vce-row-content--top\" id=\"el-f704bbb3\" data-vce-do-apply=\"all el-f704bbb3\"><div class=\"vce-row-content\" data-vce-element-content=\"true\"><div class=\"vce-col vce-col--md-auto vce-col--xs-1 vce-col--xs-last vce-col--xs-first vce-col--sm-last vce-col--sm-first vce-col--md-last vce-col--lg-last vce-col--xl-last vce-col--md-first vce-col--lg-first vce-col--xl-first\" id=\"el-bc367398\"><div class=\"vce-col-inner\" data-vce-do-apply=\"border margin background  el-bc367398\"><div class=\"vce-col-content\" data-vce-element-content=\"true\" data-vce-do-apply=\"padding el-bc367398\"><div class=\"vce-text-block\"><div class=\"vce-text-block-wrapper vce\" id=\"el-3e883f64\" data-vce-do-apply=\"all el-3e883f64\"><\/div><\/div><div class=\"vce vce-separator-with-title-container vce-separator-with-title--align-center\" id=\"el-e63b8b6a\" data-vce-do-apply=\"margin el-e63b8b6a\"><div class=\"vce-separator-with-title vce-separator-with-title--color-bfc0c1 vce-separator-with-title--width-85\" data-vce-do-apply=\"border padding background  el-e63b8b6a\"><div class=\"vce-separator-with-title--line vce-separator-with-title--line--style-solid vce-separator-with-title-line--thickness-1 vce-separator-with-title--line-left\"><\/div><h3 class=\"vce-separator-with-title--title vce-separator-with-title--title--color-b-85-85-85\">Accesos a datos \u00fatiles<\/h3><div class=\"vce-separator-with-title--line vce-separator-with-title--line--style-solid vce-separator-with-title-line--thickness-1 vce-separator-with-title--line-right\"><\/div><\/div><\/div><\/div><\/div><\/div><\/div><\/div><\/div><div class=\"vce-row-container\" data-vce-boxed-width=\"true\"><div class=\"vce-row vce-row--col-gap-30 vce-row-equal-height vce-row-content--top\" id=\"el-45b4e01a\" data-vce-do-apply=\"all el-45b4e01a\"><div class=\"vce-row-content\" data-vce-element-content=\"true\"><div class=\"vce-col vce-col--md-auto vce-col--xs-1 vce-col--xs-last vce-col--xs-first vce-col--sm-last vce-col--sm-first vce-col--md-last vce-col--lg-last vce-col--xl-last vce-col--md-first vce-col--lg-first vce-col--xl-first\" id=\"el-44dea9ad\"><div class=\"vce-col-inner\" data-vce-do-apply=\"border margin background  el-44dea9ad\"><div class=\"vce-col-content\" data-vce-element-content=\"true\" data-vce-do-apply=\"padding el-44dea9ad\"><section class=\"vce-feature-section-container vce-feature-section-media--xs\"><div class=\"vce vce-feature-section vce-feature-section--min-height\" id=\"el-2fc8b983\" data-vce-do-apply=\"margin border animation backgroundColor el-2fc8b983\"><div class=\"vce-feature-section-image vce-feature-section-image--alignment-left\" data-vce-background-image-all=\"https:\/\/fau.unt.edu.ar\/fau\/wp-content\/uploads\/2025\/08\/LABELS.jpg\" data-vce-background-image=\"all\" data-vce-lozad=\"true\" data-vce-do-apply=\"backgroundImage el-2fc8b983\"><\/div><div class=\"vce-feature-section-content\"><div class=\"vce-feature-section-content-container\" data-vce-do-apply=\"padding el-2fc8b983\"><div class=\"vce-feature-section-description\"><p>Nos llena de orgullo que formes parte de nuestra instituci\u00f3n, un espacio dedicado a la formaci\u00f3n de profesionales comprometidos con el desarrollo de la arquitectura y el urbanismo.&nbsp;<\/p>\n<p>Te recordamos que en nuestro <strong>Campus Virtual<\/strong> y <strong>SIU Guaran\u00ed<\/strong> puedes acceder a todas las herramientas que necesitas para tu vida acad\u00e9mica: desde consultar tu historial, hasta realizar tr\u00e1mites y acceder a material de estudio.<\/p>\n<p>Si tienes alguna duda o consulta, no dudes en contactar con la Secretar\u00eda de Alumnos. Estamos aqu\u00ed para acompa\u00f1arte en tu trayectoria universitaria.<\/p>\n<p><strong>\u00a1Juntos construimos el futuro!<\/strong><\/p><\/div><div class=\"vce-button--style-outline-container vce-button--style-outline-container--align-left\"><span class=\"vce-button--style-outline-wrapper vce\" id=\"el-211ce75c\" data-vce-do-apply=\"margin el-211ce75c\"><a class=\"vce-button vce-button--style-outline-animated vce-button--style-outline--border-square vce-button--style-outline--size-medium vce-button--style-outline-animated--color-e3e3e3--fff--3d3d3d vce-button--style-outline-animated--border-color-e3e3e3--3d3d3d vce-button--style-outline-animated--background-color-3d3d3d\" href=\"http:\/\/www.lagaceta.com.ar\" title=\"Alumnos\" data-vce-do-apply=\"padding border background  el-211ce75c\"><span class=\"vce-button--style-outline-text\">Ingresar<\/span><\/a><\/span><\/div><\/div><\/div><\/div><\/section><section class=\"vce-feature-section-container vce-feature-section-media--xs\"><div class=\"vce vce-feature-section vce-feature-section--min-height\" id=\"el-3e2a49da\" data-vce-do-apply=\"margin border animation backgroundColor el-3e2a49da\"><div class=\"vce-feature-section-image vce-feature-section-image--alignment-right\" data-vce-background-image-all=\"https:\/\/fau.unt.edu.ar\/fau\/wp-content\/uploads\/2025\/08\/LABELS2.jpg\" data-vce-background-image=\"all\" data-vce-lozad=\"true\" data-vce-do-apply=\"backgroundImage el-3e2a49da\"><\/div><div class=\"vce-feature-section-content\"><div class=\"vce-feature-section-content-container\" data-vce-do-apply=\"padding el-3e2a49da\"><div class=\"vce-feature-section-description\"><p style=\"color: #fff;\">En la Facultad de Arquitectura y Urbanismo, nos dedicamos a impulsar tu crecimiento profesional y a facilitar tu labor. Esta secci\u00f3n ha sido dise\u00f1ada para ofrecerte un acceso r\u00e1pido a la informaci\u00f3n y los recursos m\u00e1s importantes para tu desempe\u00f1o acad\u00e9mico.<br>Para cualquier consulta, no dudes en contactar a la Secretar\u00eda de Asuntos Acad\u00e9micos. Tu dedicaci\u00f3n es el pilar de nuestra excelencia educativa.<\/p><\/div><div class=\"vce-button--style-outline-container vce-button--style-outline-container--align-left\"><span class=\"vce-button--style-outline-wrapper vce\" id=\"el-35bebd44\" data-vce-do-apply=\"margin el-35bebd44\"><button class=\"vce-button vce-button--style-outline-animated vce-button--style-outline--border-square vce-button--style-outline--size-medium vce-button--style-outline-animated--color-e3e3e3--fff--3d3d3d vce-button--style-outline-animated--border-color-e3e3e3--3d3d3d vce-button--style-outline-animated--background-color-3d3d3d\" data-vce-do-apply=\"padding border background  el-35bebd44\"><span class=\"vce-button--style-outline-text\">Ingresar<\/span><\/button><\/span><\/div><\/div><\/div><\/div><\/section><\/div><\/div><\/div><\/div><\/div><\/div><div class=\"vce-row-container\" data-vce-boxed-width=\"true\"><div class=\"vce-row vce-row--col-gap-30 vce-row-equal-height vce-row-content--top\" id=\"el-f68fa9a5\" data-vce-do-apply=\"all el-f68fa9a5\"><div class=\"vce-row-content\" data-vce-element-content=\"true\"><div class=\"vce-col vce-col--md-auto vce-col--xs-1 vce-col--xs-last vce-col--xs-first vce-col--sm-last vce-col--sm-first vce-col--md-last vce-col--lg-last vce-col--xl-last vce-col--md-first vce-col--lg-first vce-col--xl-first\" id=\"el-30d83900\"><div class=\"vce-col-inner\" data-vce-do-apply=\"border margin background  el-30d83900\"><div class=\"vce-col-content\" data-vce-element-content=\"true\" data-vce-do-apply=\"padding el-30d83900\"><div class=\"vce vce-separator-with-title-container vce-separator-with-title--align-center\" id=\"el-ed93c67d\" data-vce-do-apply=\"margin el-ed93c67d\"><div class=\"vce-separator-with-title vce-separator-with-title--color-bfc0c1 vce-separator-with-title--width-60\" data-vce-do-apply=\"border padding background  el-ed93c67d\"><div class=\"vce-separator-with-title--line vce-separator-with-title--line--style-solid vce-separator-with-title-line--thickness-1 vce-separator-with-title--line-left\"><\/div><h3 class=\"vce-separator-with-title--title vce-separator-with-title--title--color-b-85-85-85\">Alumnos<\/h3><div class=\"vce-separator-with-title--line vce-separator-with-title--line--style-solid vce-separator-with-title-line--thickness-1 vce-separator-with-title--line-right\"><\/div><\/div><\/div><div class=\"vce-image-gallery vce-image-gallery--gap-10 vce-image-gallery--columns-4 vce-image-gallery--border-rounded\"><div class=\"vce-image-gallery-wrapper vce\" id=\"el-10f699a4\" data-vce-do-apply=\"all el-10f699a4\" data-vce-animate=\"vce-o-animate--None\"><div class=\"vce-image-gallery-list\"><div class=\"vce-image-gallery-item\"><figure class=\"vce-image-gallery-item-inner-wrapper\"><a href=\"http:\/\/guarani.unt.edu.ar\/autogestion\" title=\"SIU GUARANI\" target=\"_blank\" class=\"vce-image-gallery-item-inner\"><img decoding=\"async\" class=\"vce-image-gallery-img\" src=\"https:\/\/fau.unt.edu.ar\/fau\/wp-content\/uploads\/2025\/08\/BOTON-SIU-FAU-1.jpg\" alt=\"siu guarani\" title=\"BOTON-SIU-FAU\"><\/a><\/figure><\/div><div class=\"vce-image-gallery-item\"><figure class=\"vce-image-gallery-item-inner-wrapper\"><a href=\"https:\/\/fau.unt.edu.ar\/fau\/calendario-2024\/\" title=\"CALENDARIO 2024\" target=\"_blank\" class=\"vce-image-gallery-item-inner\"><img decoding=\"async\" class=\"vce-image-gallery-img\" src=\"https:\/\/fau.unt.edu.ar\/fau\/wp-content\/uploads\/2025\/08\/BOTON-CALENDARIO.jpg\" alt=\"\" title=\"BOTON-CALENDARIO\"><\/a><\/figure><\/div><div class=\"vce-image-gallery-item\"><figure class=\"vce-image-gallery-item-inner-wrapper\"><a href=\"https:\/\/campus3.unt.edu.ar\/\" title=\"CAMPUS VIRTUAL\" target=\"_blank\" class=\"vce-image-gallery-item-inner\"><img decoding=\"async\" class=\"vce-image-gallery-img\" src=\"https:\/\/fau.unt.edu.ar\/fau\/wp-content\/uploads\/2025\/08\/BOTON-CAMPUS-FAU-2.jpg\" alt=\"\" title=\"BOTON-CAMPUS-FAU\"><\/a><\/figure><\/div><div class=\"vce-image-gallery-item\"><figure class=\"vce-image-gallery-item-inner-wrapper\"><a href=\"http:\/\/www.fau.unt.edu.ar\/fau\/examenes\/\" title=\"EXAMENES\" target=\"_blank\" class=\"vce-image-gallery-item-inner\"><img decoding=\"async\" class=\"vce-image-gallery-img\" src=\"https:\/\/fau.unt.edu.ar\/fau\/wp-content\/uploads\/2025\/08\/BOTON-EXAMENES.jpg\" alt=\"\" title=\"BOTON-EXAMENES\"><\/a><\/figure><\/div><\/div><\/div><\/div><div class=\"vce-row-container\" data-vce-boxed-width=\"true\"><div class=\"vce-row vce-row--col-gap-30 vce-row-equal-height vce-row-content--top\" id=\"el-afcebf20\" data-vce-do-apply=\"all el-afcebf20\"><div class=\"vce-row-content\" data-vce-element-content=\"true\"><div class=\"vce-col vce-col--md-auto vce-col--xs-1 vce-col--xs-last vce-col--xs-first vce-col--sm-last vce-col--sm-first vce-col--md-last vce-col--lg-last vce-col--xl-last vce-col--md-first vce-col--lg-first vce-col--xl-first\" id=\"el-294ccc8a\"><div class=\"vce-col-inner\" data-vce-do-apply=\"border margin background  el-294ccc8a\"><div class=\"vce-col-content\" data-vce-element-content=\"true\" data-vce-do-apply=\"padding el-294ccc8a\"><div class=\"vce vce-separator-with-title-container vce-separator-with-title--align-center\" id=\"el-6178a189\" data-vce-do-apply=\"margin el-6178a189\"><div class=\"vce-separator-with-title vce-separator-with-title--color-bfc0c1 vce-separator-with-title--width-60\" data-vce-do-apply=\"border padding background  el-6178a189\"><div class=\"vce-separator-with-title--line vce-separator-with-title--line--style-solid vce-separator-with-title-line--thickness-1 vce-separator-with-title--line-left\"><\/div><h3 class=\"vce-separator-with-title--title vce-separator-with-title--title--color-b-85-85-85\">infoFAU<\/h3><div class=\"vce-separator-with-title--line vce-separator-with-title--line--style-solid vce-separator-with-title-line--thickness-1 vce-separator-with-title--line-right\"><\/div><\/div><\/div><\/div><\/div><\/div><\/div><\/div><\/div><\/div><\/div><\/div><\/div><\/div><\/div><div class=\"vce-row-container\" data-vce-boxed-width=\"true\"><div class=\"vce-row vce-row--col-gap-30 vce-row-equal-height vce-row-content--top\" id=\"el-0dc5ec7a\" data-vce-do-apply=\"all el-0dc5ec7a\"><div class=\"vce-row-content\" data-vce-element-content=\"true\"><div class=\"vce-col vce-col--md-auto vce-col--xs-1 vce-col--xs-last vce-col--xs-first vce-col--sm-last vce-col--sm-first vce-col--md-last vce-col--lg-last vce-col--xl-last vce-col--md-first vce-col--lg-first vce-col--xl-first\" id=\"el-08c30900\"><div class=\"vce-col-inner\" data-vce-do-apply=\"border margin background  el-08c30900\"><div class=\"vce-content-background-container\"><\/div><div class=\"vce-col-content\" data-vce-element-content=\"true\" data-vce-do-apply=\"padding el-08c30900\"><div class=\"vce-row-container\" data-vce-boxed-width=\"true\"><div class=\"vce-row vce-row--col-gap-30 vce-row-equal-height vce-row-content--top\" id=\"el-8c926f7c\" data-vce-do-apply=\"all el-8c926f7c\"><div class=\"vce-row-content\" data-vce-element-content=\"true\"><div class=\"vce-col vce-col--md-auto vce-col--xs-1 vce-col--xs-last vce-col--xs-first vce-col--sm-last vce-col--sm-first vce-col--md-last vce-col--lg-last vce-col--xl-last vce-col--md-first vce-col--lg-first vce-col--xl-first\" id=\"el-68323689\"><div class=\"vce-col-inner\" data-vce-do-apply=\"border margin background  el-68323689\"><div class=\"vce-col-content\" data-vce-element-content=\"true\" data-vce-do-apply=\"padding el-68323689\"><div class=\"vce-shortcode\"><div class=\"vce-shortcode-wrapper vce\" id=\"el-4190f1ae\" data-vce-do-apply=\"all el-4190f1ae\"><div class=\"row g-3\"><div class=\"col-12 col-md-6 col-lg-4\"><div class=\"box-fau-news\"><a href=\"https:\/\/fau.unt.edu.ar\/fau\/2041-2\/\"><img src=\"https:\/\/fau.unt.edu.ar\/fau\/wp-content\/uploads\/2026\/04\/WhatsApp-Image-2026-04-21-at-09.53.24-238x300.jpeg\" class=\"fau-img\" alt=\"DIPLOMATURA \u201cHUMEDAD EN LA EDIFICACI\u00d3N\u201d\"><\/a><div class=\"box-body-fau\"><h5><a href=\"https:\/\/fau.unt.edu.ar\/fau\/2041-2\/\">DIPLOMATURA \u201cHUMEDAD EN LA EDIFICACI\u00d3N\u201d<\/a><\/h5><p>El objetivo es un diplomado capaces de dictaminar las causas y manifestaciones de las lesiones en los edificios, proponer soluciones para evitar o subsanar las patolog\u00edas y analiza\u2026<\/p><span><a href=\"https:\/\/fau.unt.edu.ar\/fau\/2041-2\/\">+ informaci\u00f3n<\/a><\/span><\/div><\/div><\/div><div class=\"col-12 col-md-6 col-lg-4\"><div class=\"box-fau-news\"><a href=\"https:\/\/fau.unt.edu.ar\/fau\/presencias-huellas-de-la-memoria-en-la-fau\/\"><img src=\"https:\/\/fau.unt.edu.ar\/fau\/wp-content\/uploads\/2026\/03\/Presencias-\u2014-Huellas-de-la-Memoria-en-la-FAU-2-240x300.png\" class=\"fau-img\" alt=\"PRESENCIAS | Huellas de la Memoria en la FAU\"><\/a><div class=\"box-body-fau\"><h5><a href=\"https:\/\/fau.unt.edu.ar\/fau\/presencias-huellas-de-la-memoria-en-la-fau\/\">PRESENCIAS | Huellas de la Memoria en la FAU<\/a><\/h5><p>Acto en conmemoraci\u00f3n de los 50 a\u00f1os del golpe de Estado del 24 de marzo de 1976. Viernes 20 de marzo, 10 horas, hall y espacios exteriores de la Facultad.\u00a0 El proyecto\u00a0Presencias\u00a0\u2026<\/p><span><a href=\"https:\/\/fau.unt.edu.ar\/fau\/presencias-huellas-de-la-memoria-en-la-fau\/\">+ informaci\u00f3n<\/a><\/span><\/div><\/div><\/div><div class=\"col-12 col-md-6 col-lg-4\"><div class=\"box-fau-news\"><a href=\"https:\/\/fau.unt.edu.ar\/fau\/concursos-fau\/\"><img src=\"https:\/\/fau.unt.edu.ar\/fau\/wp-content\/uploads\/2026\/03\/00047-300x200.jpg\" class=\"fau-img\" alt=\"Concursos docentes FAU\"><\/a><div class=\"box-body-fau\"><h5><a href=\"https:\/\/fau.unt.edu.ar\/fau\/concursos-fau\/\">Concursos docentes FAU<\/a><\/h5><p>[gallery size=&quot;medium&quot; ids=&quot;2012,2013,2014,2015,2016,2017,2018,2019&quot;]<\/p><span><a href=\"https:\/\/fau.unt.edu.ar\/fau\/concursos-fau\/\">+ informaci\u00f3n<\/a><\/span><\/div><\/div><\/div><div class=\"col-12 col-md-6 col-lg-4\"><div class=\"box-fau-news\"><a href=\"https:\/\/fau.unt.edu.ar\/fau\/becas-tudit-convocatoria-abierta\/\"><img src=\"https:\/\/fau.unt.edu.ar\/fau\/wp-content\/uploads\/2026\/02\/06653a-300x200.jpg\" class=\"fau-img\" alt=\"BECAS TUDIT &#8211; CONVOCATORIA ABIERTA\"><\/a><div class=\"box-body-fau\"><h5><a href=\"https:\/\/fau.unt.edu.ar\/fau\/becas-tudit-convocatoria-abierta\/\">BECAS TUDIT &#8211; CONVOCATORIA ABIERTA<\/a><\/h5><p>A partir del lunes 23\/02 hasta el lunes 09\/03 se encuentra abierta la convocatoria a las BECAS TUDIT para el per\u00edodo lectivo 2026. La beca cubre el 100% del arancel mensual. La dur\u2026<\/p><span><a href=\"https:\/\/fau.unt.edu.ar\/fau\/becas-tudit-convocatoria-abierta\/\">+ informaci\u00f3n<\/a><\/span><\/div><\/div><\/div><div class=\"col-12 col-md-6 col-lg-4\"><div class=\"box-fau-news\"><a href=\"https:\/\/fau.unt.edu.ar\/fau\/con-un-proyecto-turistico-para-los-valles-calchaquies-estudiantes-de-la-fau-ganaron-la-10-edicion-de-los-inspireli-awards\/\"><img src=\"https:\/\/fau.unt.edu.ar\/fau\/wp-content\/uploads\/2025\/11\/540492009_18193880017316106_5916032720719936552_n-e1762960740913-300x195.jpg\" class=\"fau-img\" alt=\"Con un proyecto tur\u00edstico para los Valles Calchaqu\u00edes, estudiantes de la FAU ganaron la 10\u00b0 edici\u00f3n de los Inspireli Awards\"><\/a><div class=\"box-body-fau\"><h5><a href=\"https:\/\/fau.unt.edu.ar\/fau\/con-un-proyecto-turistico-para-los-valles-calchaquies-estudiantes-de-la-fau-ganaron-la-10-edicion-de-los-inspireli-awards\/\">Con un proyecto tur\u00edstico para los Valles Calchaqu\u00edes, estudiantes de la FAU ganaron la 10\u00b0 edici\u00f3n de los Inspireli Awards<\/a><\/h5><p>El grupo compuesto por Belisario Ter\u00e1n, Valentina R\u00edos Jaimes, Scott Wilde y Lucas Saavedra se impusieron en la categor\u00eda Dise\u00f1o Urbano con el proyecto \u201cCentro de Observaci\u00f3n Astro\u2026<\/p><span><a href=\"https:\/\/fau.unt.edu.ar\/fau\/con-un-proyecto-turistico-para-los-valles-calchaquies-estudiantes-de-la-fau-ganaron-la-10-edicion-de-los-inspireli-awards\/\">+ informaci\u00f3n<\/a><\/span><\/div><\/div><\/div><div class=\"col-12 col-md-6 col-lg-4\"><div class=\"box-fau-news\"><a href=\"https:\/\/fau.unt.edu.ar\/fau\/comenzo-el-seminario-de-ingreso-a-la-arquitectura\/\"><img src=\"https:\/\/fau.unt.edu.ar\/fau\/wp-content\/uploads\/2025\/11\/WhatsApp-Image-2025-11-12-at-12.16.42-300x225.jpeg\" class=\"fau-img\" alt=\"Comenz\u00f3 el seminario de ingreso a la arquitectura\"><\/a><div class=\"box-body-fau\"><h5><a href=\"https:\/\/fau.unt.edu.ar\/fau\/comenzo-el-seminario-de-ingreso-a-la-arquitectura\/\">Comenz\u00f3 el seminario de ingreso a la arquitectura<\/a><\/h5><p>En el anfiteatro A4 de la Facultad de Ciencias Econ\u00f3micas, cCon m\u00e1s de 400 estudiantes presentes, comenz\u00f3 a dictarse el primer m\u00f3dulo del Seminario de Introducci\u00f3n a la Arquitectur\u2026<\/p><span><a href=\"https:\/\/fau.unt.edu.ar\/fau\/comenzo-el-seminario-de-ingreso-a-la-arquitectura\/\">+ informaci\u00f3n<\/a><\/span><\/div><\/div><\/div><div class=\"col-12 col-md-6 col-lg-4\"><div class=\"box-fau-news\"><a href=\"https:\/\/fau.unt.edu.ar\/fau\/la-coneau-abre-el-periodo-de-acreditacion-de-carreras-de-arquitectura-y-la-fau-trabajara-en-un-nuevo-plan-de-estudios\/\"><img src=\"https:\/\/fau.unt.edu.ar\/fau\/wp-content\/uploads\/2025\/10\/1-1-240x300.png\" class=\"fau-img\" alt=\"La CONEAU abre el per\u00edodo de acreditaci\u00f3n de carreras de Arquitectura\u00a0 y la FAU trabajar\u00e1 en un nuevo Plan de Estudios\"><\/a><div class=\"box-body-fau\"><h5><a href=\"https:\/\/fau.unt.edu.ar\/fau\/la-coneau-abre-el-periodo-de-acreditacion-de-carreras-de-arquitectura-y-la-fau-trabajara-en-un-nuevo-plan-de-estudios\/\">La CONEAU abre el per\u00edodo de acreditaci\u00f3n de carreras de Arquitectura\u00a0 y la FAU trabajar\u00e1 en un nuevo Plan de Estudios<\/a><\/h5><p>La Facultad de Arquitectura y Urbanismo de la UNT comunica que se abri\u00f3 la convocatoria CONEAU a acreditaci\u00f3n de la Carrera de Arquitectura. En ese marco, la FAU avanzar\u00e1 en la pro\u2026<\/p><span><a href=\"https:\/\/fau.unt.edu.ar\/fau\/la-coneau-abre-el-periodo-de-acreditacion-de-carreras-de-arquitectura-y-la-fau-trabajara-en-un-nuevo-plan-de-estudios\/\">+ informaci\u00f3n<\/a><\/span><\/div><\/div><\/div><div class=\"col-12 col-md-6 col-lg-4\"><div class=\"box-fau-news\"><a href=\"https:\/\/fau.unt.edu.ar\/fau\/plan-estrategico-institucional-fau-unt-2024-2030\/\"><img src=\"https:\/\/fau.unt.edu.ar\/fau\/wp-content\/uploads\/2025\/08\/FAU-GALERIA-0997-300x225.jpg\" class=\"fau-img\" alt=\"PLAN ESTRAT\u00c9GICO INSTITUCIONAL FAU-UNT 2024 \/ 2030\"><\/a><div class=\"box-body-fau\"><h5><a href=\"https:\/\/fau.unt.edu.ar\/fau\/plan-estrategico-institucional-fau-unt-2024-2030\/\">PLAN ESTRAT\u00c9GICO INSTITUCIONAL FAU-UNT 2024 \/ 2030<\/a><\/h5><p>Durante el intervalo 2018-2023 se profundizaron las acciones en l\u00edneas estrat\u00e9gicas particulares que se condicen con una mirada renovada sobre la misi\u00f3n y visi\u00f3n de nuestra Faculta\u2026<\/p><span><a href=\"https:\/\/fau.unt.edu.ar\/fau\/plan-estrategico-institucional-fau-unt-2024-2030\/\">+ informaci\u00f3n<\/a><\/span><\/div><\/div><\/div><div class=\"col-12 col-md-6 col-lg-4\"><div class=\"box-fau-news\"><a href=\"https:\/\/fau.unt.edu.ar\/fau\/seminario-de-introduccion-a-la-arquitectura\/\"><img src=\"https:\/\/fau.unt.edu.ar\/fau\/wp-content\/uploads\/2025\/10\/SIA-2026-239x300.jpg\" class=\"fau-img\" alt=\"SEMINARIO DE INTRODUCCION A LA ARQUITECTURA\"><\/a><div class=\"box-body-fau\"><h5><a href=\"https:\/\/fau.unt.edu.ar\/fau\/seminario-de-introduccion-a-la-arquitectura\/\">SEMINARIO DE INTRODUCCION A LA ARQUITECTURA<\/a><\/h5><p>Dirigido a estudiantes interesados en cursar la carrera de Arquitectura y Urbanismo para el ciclo acad\u00e9mico 2026. Este seminario se propone como una introducci\u00f3n a la disciplina y \u2026<\/p><span><a href=\"https:\/\/fau.unt.edu.ar\/fau\/seminario-de-introduccion-a-la-arquitectura\/\">+ informaci\u00f3n<\/a><\/span><\/div><\/div><\/div><\/div><\/div><\/div><\/div><\/div><\/div><\/div><\/div><\/div><\/div><\/div><\/div><\/div><\/div><\/div>","protected":false},"excerpt":{"rendered":"<p>Dirigido a estudiantes interesados en cursar la carrera de Arquitectura y Urbanismo para el ciclo acad\u00e9mico 2026. Este seminario se propone como una introducci\u00f3n a la disciplina y brinda nociones b\u00e1sicas sobre la vida universitaria y la carrera de arquitectura. El seminario es de caracter obligatorio (NO eliminatorio) y se aprueba con la entrega de [&hellip;]<\/p>\n","protected":false},"author":2,"featured_media":0,"parent":0,"menu_order":0,"comment_status":"closed","ping_status":"closed","template":"page-templates\/template-home.php","meta":{"_uag_custom_page_level_css":"","footnotes":""},"class_list":["post-496","page","type-page","status-publish","hentry"],"uagb_featured_image_src":{"full":false,"thumbnail":false,"medium":false,"medium_large":false,"large":false,"1536x1536":false,"2048x2048":false,"320w":false,"480w":false,"800w":false},"uagb_author_info":{"display_name":"c2860607","author_link":"https:\/\/fau.unt.edu.ar\/fau\/author\/c2860607\/"},"uagb_comment_info":0,"uagb_excerpt":"Bienvenidos a la FAU Facultad de Arquitectura y Urbanismo - UNT Alumnos La secci\u00f3n de alumnos de la Facultad de Arquitectura es el coraz\u00f3n de la vida acad\u00e9mica. Aqu\u00ed, los estudiantes colaboran en proyectos de dise\u00f1o, comparten ideas y dan forma al futuro del entorno construido. Docentes La secci\u00f3n de docentes es el pilar de&hellip;","_links":{"self":[{"href":"https:\/\/fau.unt.edu.ar\/fau\/wp-json\/wp\/v2\/pages\/496","targetHints":{"allow":["GET"]}}],"collection":[{"href":"https:\/\/fau.unt.edu.ar\/fau\/wp-json\/wp\/v2\/pages"}],"about":[{"href":"https:\/\/fau.unt.edu.ar\/fau\/wp-json\/wp\/v2\/types\/page"}],"author":[{"embeddable":true,"href":"https:\/\/fau.unt.edu.ar\/fau\/wp-json\/wp\/v2\/users\/2"}],"replies":[{"embeddable":true,"href":"https:\/\/fau.unt.edu.ar\/fau\/wp-json\/wp\/v2\/comments?post=496"}],"version-history":[{"count":93,"href":"https:\/\/fau.unt.edu.ar\/fau\/wp-json\/wp\/v2\/pages\/496\/revisions"}],"predecessor-version":[{"id":1986,"href":"https:\/\/fau.unt.edu.ar\/fau\/wp-json\/wp\/v2\/pages\/496\/revisions\/1986"}],"wp:attachment":[{"href":"https:\/\/fau.unt.edu.ar\/fau\/wp-json\/wp\/v2\/media?parent=496"}],"curies":[{"name":"wp","href":"https:\/\/api.w.org\/{rel}","templated":true}]}}